{"id":4702,"date":"2026-09-04T07:48:58","date_gmt":"2026-09-04T07:48:58","guid":{"rendered":"https:\/\/gracia.escolateresiana.com\/objetivo-del-curso-2\/"},"modified":"2026-09-04T07:54:04","modified_gmt":"2026-09-04T07:54:04","slug":"objetivo-del-curso-2","status":"publish","type":"page","link":"https:\/\/gracia.escolateresiana.com\/es\/objetivo-del-curso-2\/","title":{"rendered":"Objetivo del curso"},"content":{"rendered":"<p>[vc_row css_animation=\u00bb\u00bb row_type=\u00bbrow\u00bb use_row_as_full_screen_section=\u00bbno\u00bb type=\u00bbfull_width\u00bb angled_section=\u00bbno\u00bb text_align=\u00bbleft\u00bb background_image_as_pattern=\u00bbwithout_pattern\u00bb][vc_column][qode_elements_holder number_of_columns=\u00bbone_column\u00bb][qode_elements_holder_item cover=\u00bbyes\u00bb advanced_animations=\u00bbno\u00bb item_padding=\u00bb0px 60px 0px 60px\u00bb background_image=\u00bb2417&#8243;][vc_empty_space][vc_column_text css=\u00bb.vc_custom_1788261772985{padding-top: 20px !important;padding-right: 20px !important;padding-bottom: 20px !important;padding-left: 20px !important;background-color: #ffffff !important;}\u00bb]<\/p>\n<h5>Al llegar al \u00faltimo a\u00f1o de nuestra planificaci\u00f3n estrat\u00e9gica queremos centrar la mirada en lo que da unidad a todo nuestro camino: el tipo de persona que queremos formar.<\/h5>\n<p>&nbsp;<\/p>\n<h5>En un mundo marcado por el individualismo, la polarizaci\u00f3n y el vac\u00edo de sentido, nuestra escuela reafirma su vocaci\u00f3n de <strong>\u201cSER ALTERNATIVA\u201d<\/strong><\/h5>\n<p>[\/vc_column_text][vc_empty_space][\/qode_elements_holder_item][qode_elements_holder_item advanced_animations=\u00bbno\u00bb][vc_single_image image=\u00bb4708&#8243; img_size=\u00bbfull\u00bb qode_css_animation=\u00bb\u00bb][\/qode_elements_holder_item][\/qode_elements_holder][\/vc_column][\/vc_row][vc_row css_animation=\u00bb\u00bb row_type=\u00bbrow\u00bb use_row_as_full_screen_section=\u00bbno\u00bb type=\u00bbgrid\u00bb angled_section=\u00bbno\u00bb text_align=\u00bbleft\u00bb background_image_as_pattern=\u00bbwithout_pattern\u00bb z_index=\u00bb\u00bb css=\u00bb.vc_custom_1654246533586{background-color: #ffffff !important;}\u00bb padding_top=\u00bb40&#8243; padding_bottom=\u00bb40&#8243;][vc_column][vc_empty_space][vc_column_text]<\/p>\n<h3>\u00bfQu\u00e9 significa ser alternativa hoy?<\/h3>\n<p>&nbsp;<\/p>\n<h4>No se trata simplemente de hacer las cosas de forma distinta, sino de proponer un modo profundamente humano, evang\u00e9lico y teresiano de habitar la realidad.<\/h4>\n<p>&nbsp;<\/p>\n<h4>Ser alternativa es un compromiso educativo que se concreta en:<\/h4>\n<p>[\/vc_column_text][\/vc_column][\/vc_row][vc_row css_animation=\u00bb\u00bb row_type=\u00bbrow\u00bb use_row_as_full_screen_section=\u00bbno\u00bb type=\u00bbfull_width\u00bb angled_section=\u00bbno\u00bb text_align=\u00bbleft\u00bb background_image_as_pattern=\u00bbwithout_pattern\u00bb z_index=\u00bb\u00bb css=\u00bb.vc_custom_1783505234886{background-color: #ffffff !important;}\u00bb][vc_column width=\u00bb1\/5&#8243;][\/vc_column][vc_column css_animation=\u00bbfadeInDown\u00bb width=\u00bb1\/5&#8243;][vc_single_image image=\u00bb4693&#8243; img_size=\u00bb236&#215;236&#8243; alignment=\u00bbcenter\u00bb qode_css_animation=\u00bb\u00bb][vc_empty_space][vc_column_text]<\/p>\n<h4 style=\"text-align: center;\"><span style=\"background-color: #92278f; color: #ffffff;\"><strong>PERSONAS CON INTERIORIDAD:<\/strong><\/span><\/h4>\n<p style=\"text-align: center;\">educamos personas en proceso, capaces de habitar su propia vida, cultivar el autoconocimiento y sostener su existencia con sentido frente a la \u00abintemperie interior\u00bb de nuestro tiempo.<\/p>\n<p>[\/vc_column_text][vc_empty_space][\/vc_column][vc_column css_animation=\u00bbfadeInUp\u00bb width=\u00bb1\/5&#8243;][vc_single_image image=\u00bb4695&#8243; img_size=\u00bb236&#215;236&#8243; alignment=\u00bbcenter\u00bb qode_css_animation=\u00bb\u00bb][vc_empty_space][vc_column_text]<\/p>\n<h4 style=\"text-align: center;\"><span style=\"background-color: #00b2ea; color: #ffffff;\"><strong>PROTAGONISTAS DE SU APRENDIZAJE:<\/strong><\/span><\/h4>\n<p style=\"text-align: center;\">queremos alumnos que no se resignen a la pasividad ni a respuestas prefabricadas, personas que aprendan a pensar, discernir y tomar postura desde la reflexi\u00f3n y la cooperaci\u00f3n.<\/p>\n<p>[\/vc_column_text][vc_empty_space][\/vc_column][vc_column css_animation=\u00bbfadeInDown\u00bb width=\u00bb1\/5&#8243;][vc_single_image image=\u00bb4699&#8243; img_size=\u00bb236&#215;236&#8243; alignment=\u00bbcenter\u00bb qode_css_animation=\u00bb\u00bb][vc_empty_space][vc_column_text]<\/p>\n<h4 style=\"text-align: center;\"><span style=\"background-color: #59a78a; color: #ffffff;\"><strong>TRANSFORMADORES SOCIALES:<\/strong><\/span><\/h4>\n<p style=\"text-align: center;\">no podemos acostumbrarnos al dolor del mundo. Formamos personas que se dejen afectar por la injusticia y la degradaci\u00f3n del planeta, comprometi\u00e9ndose con la \u00e9tica del cuidado y la sostenibilidad.<\/p>\n<p>[\/vc_column_text][\/vc_column][vc_column css_animation=\u00bbfadeInUp\u00bb width=\u00bb1\/5&#8243;][\/vc_column][\/vc_row][vc_row css_animation=\u00bb\u00bb row_type=\u00bbrow\u00bb use_row_as_full_screen_section=\u00bbno\u00bb type=\u00bbfull_width\u00bb angled_section=\u00bbno\u00bb text_align=\u00bbleft\u00bb background_image_as_pattern=\u00bbwithout_pattern\u00bb z_index=\u00bb\u00bb css=\u00bb.vc_custom_1783323690074{background-color: #ffffff !important;}\u00bb][vc_column width=\u00bb1\/6&#8243;][\/vc_column][vc_column css_animation=\u00bbfadeInDown\u00bb width=\u00bb1\/6&#8243;][vc_empty_space][\/vc_column][vc_column css_animation=\u00bbfadeInUp\u00bb width=\u00bb1\/6&#8243;][vc_single_image image=\u00bb4697&#8243; img_size=\u00bb236&#215;236&#8243; alignment=\u00bbcenter\u00bb qode_css_animation=\u00bb\u00bb][vc_empty_space][vc_column_text]<\/p>\n<h4 style=\"text-align: center;\"><span style=\"background-color: #ec008c; color: #ffffff;\"><strong>SUJETOS DE ENCUENTRO:<\/strong><\/span><\/h4>\n<p style=\"text-align: center;\">frente al ruido y el conflicto, apostamos por personas capaces de escuchar, empatizar y tender puentes para construir un \u00abNOSOTROS\u00bb m\u00e1s humano e inclusivo.<\/p>\n<p>[\/vc_column_text][vc_empty_space][\/vc_column][vc_column css_animation=\u00bbfadeInDown\u00bb width=\u00bb1\/6&#8243;][vc_single_image image=\u00bb4687&#8243; img_size=\u00bb236&#215;236&#8243; alignment=\u00bbcenter\u00bb qode_css_animation=\u00bb\u00bb][vc_empty_space][vc_column_text]<\/p>\n<h4 style=\"text-align: center;\"><span style=\"background-color: #ef4736; color: #ffffff;\"><strong>CREYENTES TERESIANOS:<\/strong><\/span><\/h4>\n<p style=\"text-align: center;\">personas abiertas a la trascendencia que encuentren en Jes\u00fas y el Evangelio una fuente de inspiraci\u00f3n para vivir con otros y para otros.<\/p>\n<p>[\/vc_column_text][vc_empty_space][\/vc_column][vc_column css_animation=\u00bbfadeInUp\u00bb width=\u00bb1\/6&#8243;][vc_empty_space][\/vc_column][vc_column width=\u00bb1\/6&#8243;][vc_empty_space][\/vc_column][\/vc_row][vc_row css_animation=\u00bb\u00bb row_type=\u00bbrow\u00bb use_row_as_full_screen_section=\u00bbno\u00bb type=\u00bbfull_width\u00bb angled_section=\u00bbno\u00bb text_align=\u00bbleft\u00bb background_image_as_pattern=\u00bbwithout_pattern\u00bb css=\u00bb.vc_custom_1788339395186{background-color: #ffffff !important;}\u00bb z_index=\u00bb\u00bb][vc_column][vc_empty_space height=\u00bb50px\u00bb][\/vc_column][\/vc_row][vc_row css_animation=\u00bb\u00bb row_type=\u00bbrow\u00bb use_row_as_full_screen_section=\u00bbno\u00bb type=\u00bbfull_width\u00bb angled_section=\u00bbno\u00bb text_align=\u00bbleft\u00bb background_image_as_pattern=\u00bbwithout_pattern\u00bb css=\u00bb.vc_custom_1783495072353{background-color: #45ac34 !important;}\u00bb z_index=\u00bb\u00bb][vc_column][vc_empty_space height=\u00bb50px\u00bb][vc_row_inner row_type=\u00bbrow\u00bb type=\u00bbgrid\u00bb text_align=\u00bbleft\u00bb css_animation=\u00bb\u00bb][vc_column_inner][vc_column_text]<\/p>\n<h3 style=\"text-align: center;\"><span style=\"color: #ffffff;\">El concepto ALTER-NATIVO resume nuestra identidad<\/span><\/h3>\n<p>[\/vc_column_text][vc_empty_space][vc_column_text]<\/p>\n<p style=\"text-align: center;\"><span style=\"color: #ffffff;\">Por un lado, <strong data-start=\"13\" data-end=\"32\">ALTER (el otro) <\/strong>nos llama a salir de nosotros mismos para mirar al pr\u00f3jimo de forma diferente y comprometernos con los m\u00e1s vulnerables.<\/span><\/p>\n<p style=\"text-align: center;\"><span style=\"color: #ffffff;\">Por otro, <strong data-start=\"174\" data-end=\"201\">NATIVO (nuestra ra\u00edz)<\/strong> nos recuerda que esta propuesta nace de nuestra identidad teresiana, una manera concreta de estar en el mundo<\/span><\/p>\n<p>[\/vc_column_text][\/vc_column_inner][\/vc_row_inner][vc_empty_space height=\u00bb50px\u00bb][\/vc_column][\/vc_row][vc_row css_animation=\u00bb\u00bb row_type=\u00bbrow\u00bb use_row_as_full_screen_section=\u00bbno\u00bb type=\u00bbgrid\u00bb angled_section=\u00bbno\u00bb text_align=\u00bbleft\u00bb background_image_as_pattern=\u00bbwithout_pattern\u00bb z_index=\u00bb\u00bb css=\u00bb.vc_custom_1788340661459{background-color: #ffffff !important;}\u00bb background_image=\u00bb4688&#8243;][vc_column][vc_empty_space height=\u00bb60px\u00bb]<div class=\"qode-simple-quote-holder \">\n\t<div class=\"qode-simple-quote-triangle-shadow\">\n\t\t\n\t<\/div>\n\t<div class=\"qode-simple-quote-triangle\" style=\"border-bottom-color: #eaeaea\">\n\t\t\n\t<\/div>\n\t<div class=\"qode-simple-quote-holder-inner\" style=\"background-color: #eaeaea;border-color: #eaeaea\">\n\t\t<div class=\"qode-simple-quote-icon-holder\"  style=\"fill: #f4a300\">\n\t\t\t<svg x=\"0px\" y=\"0px\" width=\"118px\" height=\"97px\" viewBox=\"0 0 118 97\" enable-background=\"new 0 0 118 97\" xml:space=\"preserve\">\n\t\t\t\t<g>\n\t\t\t\t\t<path d=\"M31.1,73.998c5.688-7.111,8.535-14.316,8.535-21.617c0-3.09-0.371-5.751-1.113-7.978c-4.332,3.34-9.031,5.009-14.102,5.009\n\t\t\t\t\t\tc-6.929,0-12.71-2.194-17.349-6.586c-4.639-4.389-6.958-10.298-6.958-17.72c0-6.926,2.348-12.71,7.051-17.349\n\t\t\t\t\t\tc4.7-4.639,10.452-6.958,17.256-6.958c9.77,0,17.256,4.021,22.451,12.061c4.329,6.68,6.494,15.029,6.494,25.049\n\t\t\t\t\t\tc0,12.742-3.247,24.154-9.741,34.234C37.13,82.227,27.325,90.357,14.215,96.541l-3.525-6.865\n\t\t\t\t\t\tC18.604,86.336,25.409,81.113,31.1,73.998z M95.67,73.998c5.688-7.111,8.535-14.316,8.535-21.617c0-3.09-0.371-5.751-1.113-7.978\n\t\t\t\t\t\tc-4.206,3.34-8.906,5.009-14.102,5.009c-6.804,0-12.556-2.194-17.256-6.586c-4.702-4.389-7.051-10.298-7.051-17.72\n\t\t\t\t\t\tc0-4.575,1.113-8.721,3.34-12.432s5.195-6.616,8.906-8.721c3.711-2.102,7.729-3.154,12.061-3.154\n\t\t\t\t\t\tc9.771,0,17.256,4.021,22.451,12.061c4.329,6.68,6.494,15.029,6.494,25.049c0,12.742-3.247,24.154-9.741,34.234\n\t\t\t\t\t\tC101.7,82.227,91.896,90.357,78.785,96.541l-3.525-6.865C83.175,86.336,89.979,81.113,95.67,73.998z\"\/>\n\t\t\t\t<\/g>\n\t\t\t<\/svg>\n\t\t<\/div>\n\t\t<div class=\"qode-simple-quote-content-holder\">\n\t\t\t<div class=\"qode-simple-quote-content-holder-inner\">\n\t\t\t\t<div class=\"qode-simple-quote-text-holder\" >\n\t\t\t\t\t<h5 class=\"qode-simple-quote-text-title\"> \u201cNo os dej\u00e9is llevar por la corriente\u201d, no es una llamada a la resistencia pasiva sino a la construcci\u00f3n activa de una sociedad m\u00e1s justa, humana y sostenible.  <\/h5>\n\t\t\t\t<\/div>\n\t\t\t\t<div class=\"qode-simple-quote-author-holder\">\n\t\t\t\t\t<h4 class=\"qode-simple-quote-author-title\"> Enrique de Oss\u00f3  <\/h4>\n\t\t\t\t<\/div>\n\t\t\t<\/div>\n\t\t<\/div>\n\t<\/div>\n<\/div>[vc_empty_space][\/vc_column][\/vc_row]<\/p>\n","protected":false},"excerpt":{"rendered":"<p>[vc_row css_animation=\u00bb\u00bb row_type=\u00bbrow\u00bb use_row_as_full_screen_section=\u00bbno\u00bb type=\u00bbfull_width\u00bb angled_section=\u00bbno\u00bb text_align=\u00bbleft\u00bb background_image_as_pattern=\u00bbwithout_pattern\u00bb][vc_column][qode_elements_holder number_of_columns=\u00bbone_column\u00bb][qode_elements_holder_item cover=\u00bbyes\u00bb advanced_animations=\u00bbno\u00bb item_padding=\u00bb0px 60px 0px 60px\u00bb background_image=\u00bb2417&#8243;][vc_empty_space][vc_column_text css=\u00bb.vc_custom_1788261772985{padding-top: 20px !important;padding-right: 20px !important;padding-bottom: 20px !important;padding-left: 20px !important;background-color: #ffffff !important;}\u00bb] Al llegar al \u00faltimo a\u00f1o de nuestra planificaci\u00f3n estrat\u00e9gica queremos centrar la mirada en lo que da unidad&#8230;<\/p>\n","protected":false},"author":1,"featured_media":0,"parent":0,"menu_order":0,"comment_status":"closed","ping_status":"closed","template":"full_width.php","meta":{"ngg_post_thumbnail":0,"footnotes":""},"class_list":["post-4702","page","type-page","status-publish","hentry"],"_links":{"self":[{"href":"https:\/\/gracia.escolateresiana.com\/es\/wp-json\/wp\/v2\/pages\/4702","targetHints":{"allow":["GET"]}}],"collection":[{"href":"https:\/\/gracia.escolateresiana.com\/es\/wp-json\/wp\/v2\/pages"}],"about":[{"href":"https:\/\/gracia.escolateresiana.com\/es\/wp-json\/wp\/v2\/types\/page"}],"author":[{"embeddable":true,"href":"https:\/\/gracia.escolateresiana.com\/es\/wp-json\/wp\/v2\/users\/1"}],"replies":[{"embeddable":true,"href":"https:\/\/gracia.escolateresiana.com\/es\/wp-json\/wp\/v2\/comments?post=4702"}],"version-history":[{"count":4,"href":"https:\/\/gracia.escolateresiana.com\/es\/wp-json\/wp\/v2\/pages\/4702\/revisions"}],"predecessor-version":[{"id":4710,"href":"https:\/\/gracia.escolateresiana.com\/es\/wp-json\/wp\/v2\/pages\/4702\/revisions\/4710"}],"wp:attachment":[{"href":"https:\/\/gracia.escolateresiana.com\/es\/wp-json\/wp\/v2\/media?parent=4702"}],"curies":[{"name":"wp","href":"https:\/\/api.w.org\/{rel}","templated":true}]}}